{"id":6713,"date":"2022-06-13T09:54:34","date_gmt":"2022-06-13T12:54:34","guid":{"rendered":"http:\/\/www.treviso.arq.br\/novo\/imovel\/casa-ra-2\/"},"modified":"2022-08-01T17:16:47","modified_gmt":"2022-08-01T20:16:47","slug":"casa-ra-2","status":"publish","type":"property","link":"https:\/\/www.treviso.arq.br\/novo\/imovel\/casa-ra-2\/","title":{"rendered":"CASA RA"},"content":{"rendered":"<p>Projeto Luciano Antoniazzi Abaid<\/p>\n<p>Execu\u00e7\u00e3o Treviso Arquitetura e Constru\u00e7\u00e3o Ltda<\/p>\n","protected":false},"excerpt":{"rendered":"<p>Projeto Luciano Antoniazzi Abaid Execu\u00e7\u00e3o Treviso Arquitetura e Constru\u00e7\u00e3o Ltda<\/p>\n","protected":false},"author":5,"featured_media":6711,"parent":0,"menu_order":0,"comment_status":"closed","ping_status":"closed","template":"","imovel-caracteristicas":[],"imovel-tipo":[43],"localizacao-imovel":[],"imovel-estado":[],"class_list":["post-6713","property","type-property","status-publish","has-post-thumbnail","hentry","property-type-residenciais"],"property_meta":{"REAL_HOMES_property_price":"","REAL_HOMES_property_old_price":"","REAL_HOMES_property_price_prefix":"","REAL_HOMES_property_price_postfix":"","REAL_HOMES_property_size":"491","REAL_HOMES_property_size_postfix":"m\u00b2","REAL_HOMES_property_lot_size":"","REAL_HOMES_property_lot_size_postfix":"","REAL_HOMES_property_bedrooms":"","REAL_HOMES_property_bathrooms":"","REAL_HOMES_property_garage":"","REAL_HOMES_property_id":"IM-6713","REAL_HOMES_property_year_built":"","REAL_HOMES_featured":"0","REAL_HOMES_additional_details_list":[],"REAL_HOMES_property_location":{"latitude":"-29.297327908372853","longitude":"-51.499722003936775","zoom":""},"REAL_HOMES_property_address":"Carlos Barbosa","REAL_HOMES_property_map":"","REAL_HOMES_property_images":[{"width":150,"height":150,"file":"2022\/06\/IMG_0484-scaled.jpg","filesize":614793,"sizes":{"medium":{"file":"IMG_0484-300x224.jpg","width":300,"height":224,"mime-type":"image\/jpeg","filesize":25568,"url":"https:\/\/www.treviso.arq.br\/novo\/wp-content\/uploads\/2022\/06\/IMG_0484-300x224.jpg"},"large":{"file":"IMG_0484-1024x765.jpg","width":1024,"height":765,"mime-type":"image\/jpeg","filesize":120938,"url":"https:\/\/www.treviso.arq.br\/novo\/wp-content\/uploads\/2022\/06\/IMG_0484-1024x765.jpg"},"thumbnail":{"file":"IMG_0484-150x150.jpg","width":150,"height":150,"mime-type":"image\/jpeg","filesize":17321,"url":"https:\/\/www.treviso.arq.br\/novo\/wp-content\/uploads\/2022\/06\/IMG_0484-150x150.jpg"},"medium_large":{"file":"IMG_0484-768x574.jpg","width":768,"height":574,"mime-type":"image\/jpeg","filesize":77655,"url":"https:\/\/www.treviso.arq.br\/novo\/wp-content\/uploads\/2022\/06\/IMG_0484-768x574.jpg"},"1536x1536":{"file":"IMG_0484-1536x1147.jpg","width":1536,"height":1147,"mime-type":"image\/jpeg","filesize":239111,"url":"https:\/\/www.treviso.arq.br\/novo\/wp-content\/uploads\/2022\/06\/IMG_0484-1536x1147.jpg"},"2048x2048":{"file":"IMG_0484-2048x1530.jpg","width":2048,"height":1530,"mime-type":"image\/jpeg","filesize":403352,"url":"https:\/\/www.treviso.arq.br\/novo\/wp-content\/uploads\/2022\/06\/IMG_0484-2048x1530.jpg"},"post-thumbnail":{"file":"IMG_0484-150x112.jpg","width":150,"height":112,"mime-type":"image\/jpeg","filesize":16623,"url":"https:\/\/www.treviso.arq.br\/novo\/wp-content\/uploads\/2022\/06\/IMG_0484-150x112.jpg"},"modern-property-child-slider":{"file":"IMG_0484-680x510.jpg","width":680,"height":510,"mime-type":"image\/jpeg","filesize":65919,"url":"https:\/\/www.treviso.arq.br\/novo\/wp-content\/uploads\/2022\/06\/IMG_0484-680x510.jpg"},"property-thumb-image":{"file":"IMG_0484-488x326.jpg","width":488,"height":326,"mime-type":"image\/jpeg","filesize":40308,"url":"https:\/\/www.treviso.arq.br\/novo\/wp-content\/uploads\/2022\/06\/IMG_0484-488x326.jpg"},"property-detail-video-image":{"file":"IMG_0484-818x417.jpg","width":818,"height":417,"mime-type":"image\/jpeg","filesize":70532,"url":"https:\/\/www.treviso.arq.br\/novo\/wp-content\/uploads\/2022\/06\/IMG_0484-818x417.jpg"},"agent-image":{"file":"IMG_0484-210x210.jpg","width":210,"height":210,"mime-type":"image\/jpeg","filesize":20981,"url":"https:\/\/www.treviso.arq.br\/novo\/wp-content\/uploads\/2022\/06\/IMG_0484-210x210.jpg"},"partners-logo":{"file":"IMG_0484-600x1936.jpg","width":600,"height":1936,"mime-type":"image\/jpeg","filesize":148972,"url":"https:\/\/www.treviso.arq.br\/novo\/wp-content\/uploads\/2022\/06\/IMG_0484-600x1936.jpg"},"post-featured-image":{"file":"IMG_0484-1240x720.jpg","width":1240,"height":720,"mime-type":"image\/jpeg","filesize":142665,"url":"https:\/\/www.treviso.arq.br\/novo\/wp-content\/uploads\/2022\/06\/IMG_0484-1240x720.jpg"}},"image_meta":{"aperture":"2.8","credit":"","camera":"iPhone 4","caption":"","created_timestamp":"1372670587","copyright":"","focal_length":"3.85","iso":"80","shutter_speed":"0.00268817204301","title":"","orientation":"1","keywords":[]},"original_image":"IMG_0484.jpg","ID":"6711","name":"IMG_0484-scaled.jpg","path":"\/home\/treviso\/www\/novo\/wp-content\/uploads\/2022\/06\/IMG_0484-scaled.jpg","url":"https:\/\/www.treviso.arq.br\/novo\/wp-content\/uploads\/2022\/06\/IMG_0484-150x150.jpg","full_url":"https:\/\/www.treviso.arq.br\/novo\/wp-content\/uploads\/2022\/06\/IMG_0484-scaled.jpg","title":"IMG_0484","caption":"","description":"","alt":"","srcset":"https:\/\/www.treviso.arq.br\/novo\/wp-content\/uploads\/2022\/06\/IMG_0484-150x150.jpg 150w, https:\/\/www.treviso.arq.br\/novo\/wp-content\/uploads\/2022\/06\/IMG_0484-210x210.jpg 210w"},{"width":150,"height":150,"file":"2022\/06\/IMG_0485-scaled.jpg","filesize":821597,"sizes":{"medium":{"file":"IMG_0485-300x224.jpg","width":300,"height":224,"mime-type":"image\/jpeg","filesize":26827,"url":"https:\/\/www.treviso.arq.br\/novo\/wp-content\/uploads\/2022\/06\/IMG_0485-300x224.jpg"},"large":{"file":"IMG_0485-1024x765.jpg","width":1024,"height":765,"mime-type":"image\/jpeg","filesize":150125,"url":"https:\/\/www.treviso.arq.br\/novo\/wp-content\/uploads\/2022\/06\/IMG_0485-1024x765.jpg"},"thumbnail":{"file":"IMG_0485-150x150.jpg","width":150,"height":150,"mime-type":"image\/jpeg","filesize":17825,"url":"https:\/\/www.treviso.arq.br\/novo\/wp-content\/uploads\/2022\/06\/IMG_0485-150x150.jpg"},"medium_large":{"file":"IMG_0485-768x574.jpg","width":768,"height":574,"mime-type":"image\/jpeg","filesize":91718,"url":"https:\/\/www.treviso.arq.br\/novo\/wp-content\/uploads\/2022\/06\/IMG_0485-768x574.jpg"},"1536x1536":{"file":"IMG_0485-1536x1147.jpg","width":1536,"height":1147,"mime-type":"image\/jpeg","filesize":313617,"url":"https:\/\/www.treviso.arq.br\/novo\/wp-content\/uploads\/2022\/06\/IMG_0485-1536x1147.jpg"},"2048x2048":{"file":"IMG_0485-2048x1530.jpg","width":2048,"height":1530,"mime-type":"image\/jpeg","filesize":539381,"url":"https:\/\/www.treviso.arq.br\/novo\/wp-content\/uploads\/2022\/06\/IMG_0485-2048x1530.jpg"},"post-thumbnail":{"file":"IMG_0485-150x112.jpg","width":150,"height":112,"mime-type":"image\/jpeg","filesize":16802,"url":"https:\/\/www.treviso.arq.br\/novo\/wp-content\/uploads\/2022\/06\/IMG_0485-150x112.jpg"},"modern-property-child-slider":{"file":"IMG_0485-680x510.jpg","width":680,"height":510,"mime-type":"image\/jpeg","filesize":76428,"url":"https:\/\/www.treviso.arq.br\/novo\/wp-content\/uploads\/2022\/06\/IMG_0485-680x510.jpg"},"property-thumb-image":{"file":"IMG_0485-488x326.jpg","width":488,"height":326,"mime-type":"image\/jpeg","filesize":44828,"url":"https:\/\/www.treviso.arq.br\/novo\/wp-content\/uploads\/2022\/06\/IMG_0485-488x326.jpg"},"property-detail-video-image":{"file":"IMG_0485-818x417.jpg","width":818,"height":417,"mime-type":"image\/jpeg","filesize":80823,"url":"https:\/\/www.treviso.arq.br\/novo\/wp-content\/uploads\/2022\/06\/IMG_0485-818x417.jpg"},"agent-image":{"file":"IMG_0485-210x210.jpg","width":210,"height":210,"mime-type":"image\/jpeg","filesize":22045,"url":"https:\/\/www.treviso.arq.br\/novo\/wp-content\/uploads\/2022\/06\/IMG_0485-210x210.jpg"},"partners-logo":{"file":"IMG_0485-600x1936.jpg","width":600,"height":1936,"mime-type":"image\/jpeg","filesize":200766,"url":"https:\/\/www.treviso.arq.br\/novo\/wp-content\/uploads\/2022\/06\/IMG_0485-600x1936.jpg"},"post-featured-image":{"file":"IMG_0485-1240x720.jpg","width":1240,"height":720,"mime-type":"image\/jpeg","filesize":178709,"url":"https:\/\/www.treviso.arq.br\/novo\/wp-content\/uploads\/2022\/06\/IMG_0485-1240x720.jpg"}},"image_meta":{"aperture":"2.8","credit":"","camera":"iPhone 4","caption":"","created_timestamp":"1372670657","copyright":"","focal_length":"3.85","iso":"80","shutter_speed":"0.00175746924429","title":"","orientation":"1","keywords":[]},"original_image":"IMG_0485.jpg","ID":"6712","name":"IMG_0485-scaled.jpg","path":"\/home\/treviso\/www\/novo\/wp-content\/uploads\/2022\/06\/IMG_0485-scaled.jpg","url":"https:\/\/www.treviso.arq.br\/novo\/wp-content\/uploads\/2022\/06\/IMG_0485-150x150.jpg","full_url":"https:\/\/www.treviso.arq.br\/novo\/wp-content\/uploads\/2022\/06\/IMG_0485-scaled.jpg","title":"IMG_0485","caption":"","description":"","alt":"","srcset":"https:\/\/www.treviso.arq.br\/novo\/wp-content\/uploads\/2022\/06\/IMG_0485-150x150.jpg 150w, https:\/\/www.treviso.arq.br\/novo\/wp-content\/uploads\/2022\/06\/IMG_0485-210x210.jpg 210w"},{"width":150,"height":150,"file":"2022\/06\/IMG_0483-scaled.jpg","filesize":687078,"sizes":{"medium":{"file":"IMG_0483-300x224.jpg","width":300,"height":224,"mime-type":"image\/jpeg","filesize":24999,"url":"https:\/\/www.treviso.arq.br\/novo\/wp-content\/uploads\/2022\/06\/IMG_0483-300x224.jpg"},"large":{"file":"IMG_0483-1024x765.jpg","width":1024,"height":765,"mime-type":"image\/jpeg","filesize":122141,"url":"https:\/\/www.treviso.arq.br\/novo\/wp-content\/uploads\/2022\/06\/IMG_0483-1024x765.jpg"},"thumbnail":{"file":"IMG_0483-150x150.jpg","width":150,"height":150,"mime-type":"image\/jpeg","filesize":17380,"url":"https:\/\/www.treviso.arq.br\/novo\/wp-content\/uploads\/2022\/06\/IMG_0483-150x150.jpg"},"medium_large":{"file":"IMG_0483-768x574.jpg","width":768,"height":574,"mime-type":"image\/jpeg","filesize":75922,"url":"https:\/\/www.treviso.arq.br\/novo\/wp-content\/uploads\/2022\/06\/IMG_0483-768x574.jpg"},"1536x1536":{"file":"IMG_0483-1536x1147.jpg","width":1536,"height":1147,"mime-type":"image\/jpeg","filesize":254564,"url":"https:\/\/www.treviso.arq.br\/novo\/wp-content\/uploads\/2022\/06\/IMG_0483-1536x1147.jpg"},"2048x2048":{"file":"IMG_0483-2048x1530.jpg","width":2048,"height":1530,"mime-type":"image\/jpeg","filesize":444116,"url":"https:\/\/www.treviso.arq.br\/novo\/wp-content\/uploads\/2022\/06\/IMG_0483-2048x1530.jpg"},"post-thumbnail":{"file":"IMG_0483-150x112.jpg","width":150,"height":112,"mime-type":"image\/jpeg","filesize":16556,"url":"https:\/\/www.treviso.arq.br\/novo\/wp-content\/uploads\/2022\/06\/IMG_0483-150x112.jpg"},"modern-property-child-slider":{"file":"IMG_0483-680x510.jpg","width":680,"height":510,"mime-type":"image\/jpeg","filesize":64004,"url":"https:\/\/www.treviso.arq.br\/novo\/wp-content\/uploads\/2022\/06\/IMG_0483-680x510.jpg"},"property-thumb-image":{"file":"IMG_0483-488x326.jpg","width":488,"height":326,"mime-type":"image\/jpeg","filesize":38425,"url":"https:\/\/www.treviso.arq.br\/novo\/wp-content\/uploads\/2022\/06\/IMG_0483-488x326.jpg"},"property-detail-video-image":{"file":"IMG_0483-818x417.jpg","width":818,"height":417,"mime-type":"image\/jpeg","filesize":61786,"url":"https:\/\/www.treviso.arq.br\/novo\/wp-content\/uploads\/2022\/06\/IMG_0483-818x417.jpg"},"agent-image":{"file":"IMG_0483-210x210.jpg","width":210,"height":210,"mime-type":"image\/jpeg","filesize":21170,"url":"https:\/\/www.treviso.arq.br\/novo\/wp-content\/uploads\/2022\/06\/IMG_0483-210x210.jpg"},"partners-logo":{"file":"IMG_0483-600x1936.jpg","width":600,"height":1936,"mime-type":"image\/jpeg","filesize":176082,"url":"https:\/\/www.treviso.arq.br\/novo\/wp-content\/uploads\/2022\/06\/IMG_0483-600x1936.jpg"},"post-featured-image":{"file":"IMG_0483-1240x720.jpg","width":1240,"height":720,"mime-type":"image\/jpeg","filesize":134303,"url":"https:\/\/www.treviso.arq.br\/novo\/wp-content\/uploads\/2022\/06\/IMG_0483-1240x720.jpg"}},"image_meta":{"aperture":"2.8","credit":"","camera":"iPhone 4","caption":"","created_timestamp":"1372670382","copyright":"","focal_length":"3.85","iso":"80","shutter_speed":"0.000629722921914","title":"","orientation":"1","keywords":[]},"original_image":"IMG_0483.jpg","ID":"6710","name":"IMG_0483-scaled.jpg","path":"\/home\/treviso\/www\/novo\/wp-content\/uploads\/2022\/06\/IMG_0483-scaled.jpg","url":"https:\/\/www.treviso.arq.br\/novo\/wp-content\/uploads\/2022\/06\/IMG_0483-150x150.jpg","full_url":"https:\/\/www.treviso.arq.br\/novo\/wp-content\/uploads\/2022\/06\/IMG_0483-scaled.jpg","title":"IMG_0483","caption":"","description":"","alt":"","srcset":"https:\/\/www.treviso.arq.br\/novo\/wp-content\/uploads\/2022\/06\/IMG_0483-150x150.jpg 150w, https:\/\/www.treviso.arq.br\/novo\/wp-content\/uploads\/2022\/06\/IMG_0483-210x210.jpg 210w"}],"REAL_HOMES_change_gallery_slider_type":"0","REAL_HOMES_gallery_slider_type":"","inspiry_floor_plans":[],"inspiry_video_group":[{"inspiry_video_group_url":"https:\/\/youtu.be\/93FlRTnyTYQ","inspiry_video_group_title":"CASA RA"}],"REAL_HOMES_360_virtual_tour":"","REAL_HOMES_agent_display_option":"agent_info","REAL_HOMES_agents":["5748"],"REAL_HOMES_energy_class":"none","REAL_HOMES_energy_performance":"","REAL_HOMES_epc_current_rating":"","REAL_HOMES_epc_potential_rating":"","ere_property_schedule_tour":"","ere_property_schedule_time_slots":"","ere_property_schedule_description":"","REAL_HOMES_sticky":"","inspiry_property_label":"","inspiry_property_label_color":"","inspiry_property_tax":"","inspiry_additional_fee":"","REAL_HOMES_attachments":[],"inspiry_property_owner_name":"","inspiry_property_owner_contact":"","inspiry_property_owner_address":"","REAL_HOMES_property_private_note":"","inspiry_message_to_reviewer":"","REAL_HOMES_add_in_slider":"no","REAL_HOMES_slider_image":[],"REAL_HOMES_page_banner_image":[],"REAL_HOMES_hide_property_advance_search":"","REAL_HOMES_custom_header_display":"","REAL_HOMES_custom_header_position":"","REAL_HOMES_custom_footer_display":"","REAL_HOMES_hide_advance_search":"","REAL_HOMES_custom_search_form":"","REAL_HOMES_search_form_margin_top":"","REAL_HOMES_search_form_margin_bottom":""},"_links":{"self":[{"href":"https:\/\/www.treviso.arq.br\/novo\/wp-json\/wp\/v2\/imovel\/6713","targetHints":{"allow":["GET"]}}],"collection":[{"href":"https:\/\/www.treviso.arq.br\/novo\/wp-json\/wp\/v2\/imovel"}],"about":[{"href":"https:\/\/www.treviso.arq.br\/novo\/wp-json\/wp\/v2\/types\/property"}],"author":[{"embeddable":true,"href":"https:\/\/www.treviso.arq.br\/novo\/wp-json\/wp\/v2\/users\/5"}],"replies":[{"embeddable":true,"href":"https:\/\/www.treviso.arq.br\/novo\/wp-json\/wp\/v2\/comments?post=6713"}],"version-history":[{"count":1,"href":"https:\/\/www.treviso.arq.br\/novo\/wp-json\/wp\/v2\/imovel\/6713\/revisions"}],"predecessor-version":[{"id":6806,"href":"https:\/\/www.treviso.arq.br\/novo\/wp-json\/wp\/v2\/imovel\/6713\/revisions\/6806"}],"wp:featuredmedia":[{"embeddable":true,"href":"https:\/\/www.treviso.arq.br\/novo\/wp-json\/wp\/v2\/media\/6711"}],"wp:attachment":[{"href":"https:\/\/www.treviso.arq.br\/novo\/wp-json\/wp\/v2\/media?parent=6713"}],"wp:term":[{"taxonomy":"property-feature","embeddable":true,"href":"https:\/\/www.treviso.arq.br\/novo\/wp-json\/wp\/v2\/imovel-caracteristicas?post=6713"},{"taxonomy":"property-type","embeddable":true,"href":"https:\/\/www.treviso.arq.br\/novo\/wp-json\/wp\/v2\/imovel-tipo?post=6713"},{"taxonomy":"property-city","embeddable":true,"href":"https:\/\/www.treviso.arq.br\/novo\/wp-json\/wp\/v2\/localizacao-imovel?post=6713"},{"taxonomy":"property-status","embeddable":true,"href":"https:\/\/www.treviso.arq.br\/novo\/wp-json\/wp\/v2\/imovel-estado?post=6713"}],"curies":[{"name":"wp","href":"https:\/\/api.w.org\/{rel}","templated":true}]}}