{"id":6745,"date":"2022-06-22T14:33:36","date_gmt":"2022-06-22T17:33:36","guid":{"rendered":"http:\/\/www.treviso.arq.br\/novo\/imovel\/edificio-gramado\/"},"modified":"2022-08-01T17:16:47","modified_gmt":"2022-08-01T20:16:47","slug":"edificio-gramado","status":"publish","type":"property","link":"https:\/\/www.treviso.arq.br\/novo\/imovel\/edificio-gramado\/","title":{"rendered":"Edificio L\u00b4Adresse"},"content":{"rendered":"<p>Execu\u00e7\u00e3o: Treviso Arquitetura e Constru\u00e7\u00e3o Ltda<\/p>\n<p>Projeto: Alberto Torres<\/p>\n","protected":false},"excerpt":{"rendered":"<p>Execu\u00e7\u00e3o: Treviso Arquitetura e Constru\u00e7\u00e3o Ltda Projeto: Alberto Torres<\/p>\n","protected":false},"author":5,"featured_media":6740,"parent":0,"menu_order":0,"comment_status":"closed","ping_status":"closed","template":"","imovel-caracteristicas":[],"imovel-tipo":[49,43],"localizacao-imovel":[80],"imovel-estado":[],"class_list":["post-6745","property","type-property","status-publish","has-post-thumbnail","hentry","property-type-edificios","property-type-residenciais","property-city-gramado"],"property_meta":{"REAL_HOMES_property_price":"","REAL_HOMES_property_old_price":"","REAL_HOMES_property_price_prefix":"","REAL_HOMES_property_price_postfix":"","REAL_HOMES_property_size":"","REAL_HOMES_property_size_postfix":"","REAL_HOMES_property_lot_size":"","REAL_HOMES_property_lot_size_postfix":"","REAL_HOMES_property_bedrooms":"","REAL_HOMES_property_bathrooms":"","REAL_HOMES_property_garage":"","REAL_HOMES_property_id":"IM-6745","REAL_HOMES_property_year_built":"","REAL_HOMES_featured":"0","REAL_HOMES_additional_details_list":[],"REAL_HOMES_property_location":{"latitude":"-29.3787488","longitude":"-50.8724941","zoom":""},"REAL_HOMES_property_address":"Gramado","REAL_HOMES_property_map":"","REAL_HOMES_property_images":[{"width":150,"height":150,"file":"2022\/06\/02_CENSI_Gramado_EXTERNA-GERAL_Frente-02_B04.jpg","filesize":174814,"sizes":{"medium":{"file":"02_CENSI_Gramado_EXTERNA-GERAL_Frente-02_B04-300x129.jpg","width":300,"height":129,"mime-type":"image\/jpeg","filesize":24119,"url":"https:\/\/www.treviso.arq.br\/novo\/wp-content\/uploads\/2022\/06\/02_CENSI_Gramado_EXTERNA-GERAL_Frente-02_B04-300x129.jpg"},"thumbnail":{"file":"02_CENSI_Gramado_EXTERNA-GERAL_Frente-02_B04-150x150.jpg","width":150,"height":150,"mime-type":"image\/jpeg","filesize":18687,"url":"https:\/\/www.treviso.arq.br\/novo\/wp-content\/uploads\/2022\/06\/02_CENSI_Gramado_EXTERNA-GERAL_Frente-02_B04-150x150.jpg"},"medium_large":{"file":"02_CENSI_Gramado_EXTERNA-GERAL_Frente-02_B04-768x331.jpg","width":768,"height":331,"mime-type":"image\/jpeg","filesize":82134,"url":"https:\/\/www.treviso.arq.br\/novo\/wp-content\/uploads\/2022\/06\/02_CENSI_Gramado_EXTERNA-GERAL_Frente-02_B04-768x331.jpg"},"post-thumbnail":{"file":"02_CENSI_Gramado_EXTERNA-GERAL_Frente-02_B04-150x65.jpg","width":150,"height":65,"mime-type":"image\/jpeg","filesize":14940,"url":"https:\/\/www.treviso.arq.br\/novo\/wp-content\/uploads\/2022\/06\/02_CENSI_Gramado_EXTERNA-GERAL_Frente-02_B04-150x65.jpg"},"modern-property-child-slider":{"file":"02_CENSI_Gramado_EXTERNA-GERAL_Frente-02_B04-680x345.jpg","width":680,"height":345,"mime-type":"image\/jpeg","filesize":85025,"url":"https:\/\/www.treviso.arq.br\/novo\/wp-content\/uploads\/2022\/06\/02_CENSI_Gramado_EXTERNA-GERAL_Frente-02_B04-680x345.jpg"},"property-thumb-image":{"file":"02_CENSI_Gramado_EXTERNA-GERAL_Frente-02_B04-488x326.jpg","width":488,"height":326,"mime-type":"image\/jpeg","filesize":55094,"url":"https:\/\/www.treviso.arq.br\/novo\/wp-content\/uploads\/2022\/06\/02_CENSI_Gramado_EXTERNA-GERAL_Frente-02_B04-488x326.jpg"},"agent-image":{"file":"02_CENSI_Gramado_EXTERNA-GERAL_Frente-02_B04-210x210.jpg","width":210,"height":210,"mime-type":"image\/jpeg","filesize":25226,"url":"https:\/\/www.treviso.arq.br\/novo\/wp-content\/uploads\/2022\/06\/02_CENSI_Gramado_EXTERNA-GERAL_Frente-02_B04-210x210.jpg"},"partners-logo":{"file":"02_CENSI_Gramado_EXTERNA-GERAL_Frente-02_B04-600x345.jpg","width":600,"height":345,"mime-type":"image\/jpeg","filesize":76640,"url":"https:\/\/www.treviso.arq.br\/novo\/wp-content\/uploads\/2022\/06\/02_CENSI_Gramado_EXTERNA-GERAL_Frente-02_B04-600x345.jpg"}},"image_meta":{"aperture":"0","credit":"","camera":"","caption":"","created_timestamp":"0","copyright":"","focal_length":"0","iso":"0","shutter_speed":"0","title":"","orientation":"1","keywords":[]},"ID":"6740","name":"02_CENSI_Gramado_EXTERNA-GERAL_Frente-02_B04.jpg","path":"\/home\/treviso\/www\/novo\/wp-content\/uploads\/2022\/06\/02_CENSI_Gramado_EXTERNA-GERAL_Frente-02_B04.jpg","url":"https:\/\/www.treviso.arq.br\/novo\/wp-content\/uploads\/2022\/06\/02_CENSI_Gramado_EXTERNA-GERAL_Frente-02_B04-150x150.jpg","full_url":"https:\/\/www.treviso.arq.br\/novo\/wp-content\/uploads\/2022\/06\/02_CENSI_Gramado_EXTERNA-GERAL_Frente-02_B04.jpg","title":"02_CENSI_Gramado_EXTERNA GERAL_Frente 02_B04","caption":"","description":"","alt":"","srcset":"https:\/\/www.treviso.arq.br\/novo\/wp-content\/uploads\/2022\/06\/02_CENSI_Gramado_EXTERNA-GERAL_Frente-02_B04-150x150.jpg 150w, https:\/\/www.treviso.arq.br\/novo\/wp-content\/uploads\/2022\/06\/02_CENSI_Gramado_EXTERNA-GERAL_Frente-02_B04-210x210.jpg 210w"},{"width":150,"height":150,"file":"2022\/06\/04_CENSI_Gramado_FRENTE-BOSQUE_B02.jpg","filesize":292785,"sizes":{"medium":{"file":"04_CENSI_Gramado_FRENTE-BOSQUE_B02-300x214.jpg","width":300,"height":214,"mime-type":"image\/jpeg","filesize":33314,"url":"https:\/\/www.treviso.arq.br\/novo\/wp-content\/uploads\/2022\/06\/04_CENSI_Gramado_FRENTE-BOSQUE_B02-300x214.jpg"},"thumbnail":{"file":"04_CENSI_Gramado_FRENTE-BOSQUE_B02-150x150.jpg","width":150,"height":150,"mime-type":"image\/jpeg","filesize":21514,"url":"https:\/\/www.treviso.arq.br\/novo\/wp-content\/uploads\/2022\/06\/04_CENSI_Gramado_FRENTE-BOSQUE_B02-150x150.jpg"},"medium_large":{"file":"04_CENSI_Gramado_FRENTE-BOSQUE_B02-768x548.jpg","width":768,"height":548,"mime-type":"image\/jpeg","filesize":131706,"url":"https:\/\/www.treviso.arq.br\/novo\/wp-content\/uploads\/2022\/06\/04_CENSI_Gramado_FRENTE-BOSQUE_B02-768x548.jpg"},"post-thumbnail":{"file":"04_CENSI_Gramado_FRENTE-BOSQUE_B02-150x107.jpg","width":150,"height":107,"mime-type":"image\/jpeg","filesize":19391,"url":"https:\/\/www.treviso.arq.br\/novo\/wp-content\/uploads\/2022\/06\/04_CENSI_Gramado_FRENTE-BOSQUE_B02-150x107.jpg"},"modern-property-child-slider":{"file":"04_CENSI_Gramado_FRENTE-BOSQUE_B02-680x510.jpg","width":680,"height":510,"mime-type":"image\/jpeg","filesize":111593,"url":"https:\/\/www.treviso.arq.br\/novo\/wp-content\/uploads\/2022\/06\/04_CENSI_Gramado_FRENTE-BOSQUE_B02-680x510.jpg"},"property-thumb-image":{"file":"04_CENSI_Gramado_FRENTE-BOSQUE_B02-488x326.jpg","width":488,"height":326,"mime-type":"image\/jpeg","filesize":59776,"url":"https:\/\/www.treviso.arq.br\/novo\/wp-content\/uploads\/2022\/06\/04_CENSI_Gramado_FRENTE-BOSQUE_B02-488x326.jpg"},"property-detail-video-image":{"file":"04_CENSI_Gramado_FRENTE-BOSQUE_B02-800x417.jpg","width":800,"height":417,"mime-type":"image\/jpeg","filesize":131490,"url":"https:\/\/www.treviso.arq.br\/novo\/wp-content\/uploads\/2022\/06\/04_CENSI_Gramado_FRENTE-BOSQUE_B02-800x417.jpg"},"agent-image":{"file":"04_CENSI_Gramado_FRENTE-BOSQUE_B02-210x210.jpg","width":210,"height":210,"mime-type":"image\/jpeg","filesize":28105,"url":"https:\/\/www.treviso.arq.br\/novo\/wp-content\/uploads\/2022\/06\/04_CENSI_Gramado_FRENTE-BOSQUE_B02-210x210.jpg"},"partners-logo":{"file":"04_CENSI_Gramado_FRENTE-BOSQUE_B02-600x571.jpg","width":600,"height":571,"mime-type":"image\/jpeg","filesize":131698,"url":"https:\/\/www.treviso.arq.br\/novo\/wp-content\/uploads\/2022\/06\/04_CENSI_Gramado_FRENTE-BOSQUE_B02-600x571.jpg"}},"image_meta":{"aperture":"0","credit":"","camera":"","caption":"","created_timestamp":"0","copyright":"","focal_length":"0","iso":"0","shutter_speed":"0","title":"","orientation":"1","keywords":[]},"ID":"6741","name":"04_CENSI_Gramado_FRENTE-BOSQUE_B02.jpg","path":"\/home\/treviso\/www\/novo\/wp-content\/uploads\/2022\/06\/04_CENSI_Gramado_FRENTE-BOSQUE_B02.jpg","url":"https:\/\/www.treviso.arq.br\/novo\/wp-content\/uploads\/2022\/06\/04_CENSI_Gramado_FRENTE-BOSQUE_B02-150x150.jpg","full_url":"https:\/\/www.treviso.arq.br\/novo\/wp-content\/uploads\/2022\/06\/04_CENSI_Gramado_FRENTE-BOSQUE_B02.jpg","title":"04_CENSI_Gramado_FRENTE BOSQUE_B02","caption":"","description":"","alt":"","srcset":"https:\/\/www.treviso.arq.br\/novo\/wp-content\/uploads\/2022\/06\/04_CENSI_Gramado_FRENTE-BOSQUE_B02-150x150.jpg 150w, https:\/\/www.treviso.arq.br\/novo\/wp-content\/uploads\/2022\/06\/04_CENSI_Gramado_FRENTE-BOSQUE_B02-210x210.jpg 210w"},{"width":150,"height":150,"file":"2022\/06\/06_CENSI_Gramado_APROXIMADA-ACESSO_B03.jpg","filesize":202047,"sizes":{"medium":{"file":"06_CENSI_Gramado_APROXIMADA-ACESSO_B03-300x183.jpg","width":300,"height":183,"mime-type":"image\/jpeg","filesize":25347,"url":"https:\/\/www.treviso.arq.br\/novo\/wp-content\/uploads\/2022\/06\/06_CENSI_Gramado_APROXIMADA-ACESSO_B03-300x183.jpg"},"thumbnail":{"file":"06_CENSI_Gramado_APROXIMADA-ACESSO_B03-150x150.jpg","width":150,"height":150,"mime-type":"image\/jpeg","filesize":17903,"url":"https:\/\/www.treviso.arq.br\/novo\/wp-content\/uploads\/2022\/06\/06_CENSI_Gramado_APROXIMADA-ACESSO_B03-150x150.jpg"},"medium_large":{"file":"06_CENSI_Gramado_APROXIMADA-ACESSO_B03-768x469.jpg","width":768,"height":469,"mime-type":"image\/jpeg","filesize":90223,"url":"https:\/\/www.treviso.arq.br\/novo\/wp-content\/uploads\/2022\/06\/06_CENSI_Gramado_APROXIMADA-ACESSO_B03-768x469.jpg"},"post-thumbnail":{"file":"06_CENSI_Gramado_APROXIMADA-ACESSO_B03-150x92.jpg","width":150,"height":92,"mime-type":"image\/jpeg","filesize":15551,"url":"https:\/\/www.treviso.arq.br\/novo\/wp-content\/uploads\/2022\/06\/06_CENSI_Gramado_APROXIMADA-ACESSO_B03-150x92.jpg"},"modern-property-child-slider":{"file":"06_CENSI_Gramado_APROXIMADA-ACESSO_B03-680x489.jpg","width":680,"height":489,"mime-type":"image\/jpeg","filesize":101868,"url":"https:\/\/www.treviso.arq.br\/novo\/wp-content\/uploads\/2022\/06\/06_CENSI_Gramado_APROXIMADA-ACESSO_B03-680x489.jpg"},"property-thumb-image":{"file":"06_CENSI_Gramado_APROXIMADA-ACESSO_B03-488x326.jpg","width":488,"height":326,"mime-type":"image\/jpeg","filesize":48901,"url":"https:\/\/www.treviso.arq.br\/novo\/wp-content\/uploads\/2022\/06\/06_CENSI_Gramado_APROXIMADA-ACESSO_B03-488x326.jpg"},"property-detail-video-image":{"file":"06_CENSI_Gramado_APROXIMADA-ACESSO_B03-800x417.jpg","width":800,"height":417,"mime-type":"image\/jpeg","filesize":102729,"url":"https:\/\/www.treviso.arq.br\/novo\/wp-content\/uploads\/2022\/06\/06_CENSI_Gramado_APROXIMADA-ACESSO_B03-800x417.jpg"},"agent-image":{"file":"06_CENSI_Gramado_APROXIMADA-ACESSO_B03-210x210.jpg","width":210,"height":210,"mime-type":"image\/jpeg","filesize":23530,"url":"https:\/\/www.treviso.arq.br\/novo\/wp-content\/uploads\/2022\/06\/06_CENSI_Gramado_APROXIMADA-ACESSO_B03-210x210.jpg"},"partners-logo":{"file":"06_CENSI_Gramado_APROXIMADA-ACESSO_B03-600x489.jpg","width":600,"height":489,"mime-type":"image\/jpeg","filesize":93554,"url":"https:\/\/www.treviso.arq.br\/novo\/wp-content\/uploads\/2022\/06\/06_CENSI_Gramado_APROXIMADA-ACESSO_B03-600x489.jpg"}},"image_meta":{"aperture":"0","credit":"","camera":"","caption":"","created_timestamp":"0","copyright":"","focal_length":"0","iso":"0","shutter_speed":"0","title":"","orientation":"1","keywords":[]},"ID":"6742","name":"06_CENSI_Gramado_APROXIMADA-ACESSO_B03.jpg","path":"\/home\/treviso\/www\/novo\/wp-content\/uploads\/2022\/06\/06_CENSI_Gramado_APROXIMADA-ACESSO_B03.jpg","url":"https:\/\/www.treviso.arq.br\/novo\/wp-content\/uploads\/2022\/06\/06_CENSI_Gramado_APROXIMADA-ACESSO_B03-150x150.jpg","full_url":"https:\/\/www.treviso.arq.br\/novo\/wp-content\/uploads\/2022\/06\/06_CENSI_Gramado_APROXIMADA-ACESSO_B03.jpg","title":"06_CENSI_Gramado_APROXIMADA ACESSO_B03","caption":"","description":"","alt":"","srcset":"https:\/\/www.treviso.arq.br\/novo\/wp-content\/uploads\/2022\/06\/06_CENSI_Gramado_APROXIMADA-ACESSO_B03-150x150.jpg 150w, https:\/\/www.treviso.arq.br\/novo\/wp-content\/uploads\/2022\/06\/06_CENSI_Gramado_APROXIMADA-ACESSO_B03-210x210.jpg 210w"},{"width":150,"height":150,"file":"2022\/06\/13_CENSI_Gramado_EXTERNA_PISCINA-E-FITNESS_B02.jpg","filesize":208245,"sizes":{"medium":{"file":"13_CENSI_Gramado_EXTERNA_PISCINA-E-FITNESS_B02-300x214.jpg","width":300,"height":214,"mime-type":"image\/jpeg","filesize":26037,"url":"https:\/\/www.treviso.arq.br\/novo\/wp-content\/uploads\/2022\/06\/13_CENSI_Gramado_EXTERNA_PISCINA-E-FITNESS_B02-300x214.jpg"},"thumbnail":{"file":"13_CENSI_Gramado_EXTERNA_PISCINA-E-FITNESS_B02-150x150.jpg","width":150,"height":150,"mime-type":"image\/jpeg","filesize":17644,"url":"https:\/\/www.treviso.arq.br\/novo\/wp-content\/uploads\/2022\/06\/13_CENSI_Gramado_EXTERNA_PISCINA-E-FITNESS_B02-150x150.jpg"},"medium_large":{"file":"13_CENSI_Gramado_EXTERNA_PISCINA-E-FITNESS_B02-768x548.jpg","width":768,"height":548,"mime-type":"image\/jpeg","filesize":91729,"url":"https:\/\/www.treviso.arq.br\/novo\/wp-content\/uploads\/2022\/06\/13_CENSI_Gramado_EXTERNA_PISCINA-E-FITNESS_B02-768x548.jpg"},"post-thumbnail":{"file":"13_CENSI_Gramado_EXTERNA_PISCINA-E-FITNESS_B02-150x107.jpg","width":150,"height":107,"mime-type":"image\/jpeg","filesize":15990,"url":"https:\/\/www.treviso.arq.br\/novo\/wp-content\/uploads\/2022\/06\/13_CENSI_Gramado_EXTERNA_PISCINA-E-FITNESS_B02-150x107.jpg"},"modern-property-child-slider":{"file":"13_CENSI_Gramado_EXTERNA_PISCINA-E-FITNESS_B02-680x510.jpg","width":680,"height":510,"mime-type":"image\/jpeg","filesize":79381,"url":"https:\/\/www.treviso.arq.br\/novo\/wp-content\/uploads\/2022\/06\/13_CENSI_Gramado_EXTERNA_PISCINA-E-FITNESS_B02-680x510.jpg"},"property-thumb-image":{"file":"13_CENSI_Gramado_EXTERNA_PISCINA-E-FITNESS_B02-488x326.jpg","width":488,"height":326,"mime-type":"image\/jpeg","filesize":44714,"url":"https:\/\/www.treviso.arq.br\/novo\/wp-content\/uploads\/2022\/06\/13_CENSI_Gramado_EXTERNA_PISCINA-E-FITNESS_B02-488x326.jpg"},"property-detail-video-image":{"file":"13_CENSI_Gramado_EXTERNA_PISCINA-E-FITNESS_B02-800x417.jpg","width":800,"height":417,"mime-type":"image\/jpeg","filesize":92913,"url":"https:\/\/www.treviso.arq.br\/novo\/wp-content\/uploads\/2022\/06\/13_CENSI_Gramado_EXTERNA_PISCINA-E-FITNESS_B02-800x417.jpg"},"agent-image":{"file":"13_CENSI_Gramado_EXTERNA_PISCINA-E-FITNESS_B02-210x210.jpg","width":210,"height":210,"mime-type":"image\/jpeg","filesize":22610,"url":"https:\/\/www.treviso.arq.br\/novo\/wp-content\/uploads\/2022\/06\/13_CENSI_Gramado_EXTERNA_PISCINA-E-FITNESS_B02-210x210.jpg"},"partners-logo":{"file":"13_CENSI_Gramado_EXTERNA_PISCINA-E-FITNESS_B02-600x571.jpg","width":600,"height":571,"mime-type":"image\/jpeg","filesize":94810,"url":"https:\/\/www.treviso.arq.br\/novo\/wp-content\/uploads\/2022\/06\/13_CENSI_Gramado_EXTERNA_PISCINA-E-FITNESS_B02-600x571.jpg"}},"image_meta":{"aperture":"0","credit":"","camera":"","caption":"","created_timestamp":"0","copyright":"","focal_length":"0","iso":"0","shutter_speed":"0","title":"","orientation":"1","keywords":[]},"ID":"6743","name":"13_CENSI_Gramado_EXTERNA_PISCINA-E-FITNESS_B02.jpg","path":"\/home\/treviso\/www\/novo\/wp-content\/uploads\/2022\/06\/13_CENSI_Gramado_EXTERNA_PISCINA-E-FITNESS_B02.jpg","url":"https:\/\/www.treviso.arq.br\/novo\/wp-content\/uploads\/2022\/06\/13_CENSI_Gramado_EXTERNA_PISCINA-E-FITNESS_B02-150x150.jpg","full_url":"https:\/\/www.treviso.arq.br\/novo\/wp-content\/uploads\/2022\/06\/13_CENSI_Gramado_EXTERNA_PISCINA-E-FITNESS_B02.jpg","title":"13_CENSI_Gramado_EXTERNA_PISCINA E FITNESS_B02","caption":"","description":"","alt":"","srcset":"https:\/\/www.treviso.arq.br\/novo\/wp-content\/uploads\/2022\/06\/13_CENSI_Gramado_EXTERNA_PISCINA-E-FITNESS_B02-150x150.jpg 150w, https:\/\/www.treviso.arq.br\/novo\/wp-content\/uploads\/2022\/06\/13_CENSI_Gramado_EXTERNA_PISCINA-E-FITNESS_B02-210x210.jpg 210w"},{"width":150,"height":150,"file":"2022\/06\/a.jpg","filesize":169593,"sizes":{"medium":{"file":"a-300x155.jpg","width":300,"height":155,"mime-type":"image\/jpeg","filesize":25775,"url":"https:\/\/www.treviso.arq.br\/novo\/wp-content\/uploads\/2022\/06\/a-300x155.jpg"},"thumbnail":{"file":"a-150x150.jpg","width":150,"height":150,"mime-type":"image\/jpeg","filesize":19778,"url":"https:\/\/www.treviso.arq.br\/novo\/wp-content\/uploads\/2022\/06\/a-150x150.jpg"},"medium_large":{"file":"a-768x396.jpg","width":768,"height":396,"mime-type":"image\/jpeg","filesize":79964,"url":"https:\/\/www.treviso.arq.br\/novo\/wp-content\/uploads\/2022\/06\/a-768x396.jpg"},"post-thumbnail":{"file":"a-150x77.jpg","width":150,"height":77,"mime-type":"image\/jpeg","filesize":16889,"url":"https:\/\/www.treviso.arq.br\/novo\/wp-content\/uploads\/2022\/06\/a-150x77.jpg"},"modern-property-child-slider":{"file":"a-680x412.jpg","width":680,"height":412,"mime-type":"image\/jpeg","filesize":85225,"url":"https:\/\/www.treviso.arq.br\/novo\/wp-content\/uploads\/2022\/06\/a-680x412.jpg"},"property-thumb-image":{"file":"a-488x326.jpg","width":488,"height":326,"mime-type":"image\/jpeg","filesize":50357,"url":"https:\/\/www.treviso.arq.br\/novo\/wp-content\/uploads\/2022\/06\/a-488x326.jpg"},"agent-image":{"file":"a-210x210.jpg","width":210,"height":210,"mime-type":"image\/jpeg","filesize":25292,"url":"https:\/\/www.treviso.arq.br\/novo\/wp-content\/uploads\/2022\/06\/a-210x210.jpg"},"partners-logo":{"file":"a-600x412.jpg","width":600,"height":412,"mime-type":"image\/jpeg","filesize":76457,"url":"https:\/\/www.treviso.arq.br\/novo\/wp-content\/uploads\/2022\/06\/a-600x412.jpg"}},"image_meta":{"aperture":"0","credit":"","camera":"","caption":"","created_timestamp":"1440151391","copyright":"","focal_length":"0","iso":"0","shutter_speed":"0","title":"","orientation":"1","keywords":[]},"ID":"6744","name":"a.jpg","path":"\/home\/treviso\/www\/novo\/wp-content\/uploads\/2022\/06\/a.jpg","url":"https:\/\/www.treviso.arq.br\/novo\/wp-content\/uploads\/2022\/06\/a-150x150.jpg","full_url":"https:\/\/www.treviso.arq.br\/novo\/wp-content\/uploads\/2022\/06\/a.jpg","title":"a","caption":"","description":"","alt":"","srcset":"https:\/\/www.treviso.arq.br\/novo\/wp-content\/uploads\/2022\/06\/a-150x150.jpg 150w, https:\/\/www.treviso.arq.br\/novo\/wp-content\/uploads\/2022\/06\/a-210x210.jpg 210w"}],"REAL_HOMES_change_gallery_slider_type":"0","REAL_HOMES_gallery_slider_type":"","inspiry_floor_plans":[],"inspiry_video_group":[{"inspiry_video_group_url":"https:\/\/youtu.be\/K3NNzWdXcS8","inspiry_video_group_title":"Edif\u00edcio Gramado"}],"REAL_HOMES_360_virtual_tour":"","REAL_HOMES_agent_display_option":"agent_info","REAL_HOMES_agents":["5748"],"REAL_HOMES_energy_class":"none","REAL_HOMES_energy_performance":"","REAL_HOMES_epc_current_rating":"","REAL_HOMES_epc_potential_rating":"","ere_property_schedule_tour":"","ere_property_schedule_time_slots":"","ere_property_schedule_description":"","REAL_HOMES_sticky":"","inspiry_property_label":"","inspiry_property_label_color":"","inspiry_property_tax":"","inspiry_additional_fee":"","REAL_HOMES_attachments":[],"inspiry_property_owner_name":"","inspiry_property_owner_contact":"","inspiry_property_owner_address":"","REAL_HOMES_property_private_note":"","inspiry_message_to_reviewer":"","REAL_HOMES_add_in_slider":"no","REAL_HOMES_slider_image":[],"REAL_HOMES_page_banner_image":[],"REAL_HOMES_hide_property_advance_search":"","REAL_HOMES_custom_header_display":"","REAL_HOMES_custom_header_position":"","REAL_HOMES_custom_footer_display":"","REAL_HOMES_hide_advance_search":"","REAL_HOMES_custom_search_form":"","REAL_HOMES_search_form_margin_top":"","REAL_HOMES_search_form_margin_bottom":""},"_links":{"self":[{"href":"https:\/\/www.treviso.arq.br\/novo\/wp-json\/wp\/v2\/imovel\/6745","targetHints":{"allow":["GET"]}}],"collection":[{"href":"https:\/\/www.treviso.arq.br\/novo\/wp-json\/wp\/v2\/imovel"}],"about":[{"href":"https:\/\/www.treviso.arq.br\/novo\/wp-json\/wp\/v2\/types\/property"}],"author":[{"embeddable":true,"href":"https:\/\/www.treviso.arq.br\/novo\/wp-json\/wp\/v2\/users\/5"}],"replies":[{"embeddable":true,"href":"https:\/\/www.treviso.arq.br\/novo\/wp-json\/wp\/v2\/comments?post=6745"}],"version-history":[{"count":1,"href":"https:\/\/www.treviso.arq.br\/novo\/wp-json\/wp\/v2\/imovel\/6745\/revisions"}],"predecessor-version":[{"id":6750,"href":"https:\/\/www.treviso.arq.br\/novo\/wp-json\/wp\/v2\/imovel\/6745\/revisions\/6750"}],"wp:featuredmedia":[{"embeddable":true,"href":"https:\/\/www.treviso.arq.br\/novo\/wp-json\/wp\/v2\/media\/6740"}],"wp:attachment":[{"href":"https:\/\/www.treviso.arq.br\/novo\/wp-json\/wp\/v2\/media?parent=6745"}],"wp:term":[{"taxonomy":"property-feature","embeddable":true,"href":"https:\/\/www.treviso.arq.br\/novo\/wp-json\/wp\/v2\/imovel-caracteristicas?post=6745"},{"taxonomy":"property-type","embeddable":true,"href":"https:\/\/www.treviso.arq.br\/novo\/wp-json\/wp\/v2\/imovel-tipo?post=6745"},{"taxonomy":"property-city","embeddable":true,"href":"https:\/\/www.treviso.arq.br\/novo\/wp-json\/wp\/v2\/localizacao-imovel?post=6745"},{"taxonomy":"property-status","embeddable":true,"href":"https:\/\/www.treviso.arq.br\/novo\/wp-json\/wp\/v2\/imovel-estado?post=6745"}],"curies":[{"name":"wp","href":"https:\/\/api.w.org\/{rel}","templated":true}]}}